{"id":365,"date":"2021-07-07T16:54:14","date_gmt":"2021-07-07T21:54:14","guid":{"rendered":"https:\/\/unab.edu.co\/impulsa\/?page_id=365"},"modified":"2026-01-22T12:11:10","modified_gmt":"2026-01-22T17:11:10","slug":"nosotros","status":"publish","type":"page","link":"https:\/\/unab.edu.co\/impulsa\/nosotros\/","title":{"rendered":"Nosotros"},"content":{"rendered":"<p>[et_pb_section fb_built=&#8221;1&#8243; _builder_version=&#8221;4.23.1&#8243; _module_preset=&#8221;default&#8221; background_color=&#8221;#780A81&#8243; custom_padding=&#8221;0px||0px||true|false&#8221; global_colors_info=&#8221;{}&#8221;][et_pb_row _builder_version=&#8221;4.23.1&#8243; _module_preset=&#8221;default&#8221; custom_padding=&#8221;|||1em|false|false&#8221; border_style_all=&#8221;dotted&#8221; border_width_left=&#8221;2px&#8221; border_color_left=&#8221;#FF8100&#8243; global_colors_info=&#8221;{}&#8221;][et_pb_column type=&#8221;4_4&#8243; _builder_version=&#8221;4.16&#8243; _module_preset=&#8221;default&#8221; global_colors_info=&#8221;{}&#8221;][et_pb_post_title meta=&#8221;off&#8221; featured_image=&#8221;off&#8221; _builder_version=&#8221;4.23.1&#8243; _module_preset=&#8221;default&#8221; title_font=&#8221;Abel||||||||&#8221; title_text_color=&#8221;#FFFFFF&#8221; title_font_size=&#8221;37px&#8221; global_colors_info=&#8221;{}&#8221;][\/et_pb_post_title][\/et_pb_column][\/et_pb_row][\/et_pb_section][et_pb_section fb_built=&#8221;1&#8243; module_id=&#8221;proposito&#8221; _builder_version=&#8221;4.23.1&#8243; _module_preset=&#8221;default&#8221; background_image=&#8221;https:\/\/unab.edu.co\/impulsa\/wp-content\/uploads\/2023\/12\/img-impulsa-1.jpg&#8221; global_colors_info=&#8221;{}&#8221;][et_pb_row _builder_version=&#8221;4.23.1&#8243; _module_preset=&#8221;default&#8221; border_color_all=&#8221;rgba(170,44,156,0.57)&#8221; global_colors_info=&#8221;{}&#8221;][et_pb_column type=&#8221;4_4&#8243; _builder_version=&#8221;4.23.1&#8243; _module_preset=&#8221;default&#8221; custom_padding=&#8221;1em|3em|1em|3em|true|true&#8221; global_colors_info=&#8221;{}&#8221;][et_pb_text quote_border_color=&#8221;RGBA(255,255,255,0)&#8221; _builder_version=&#8221;4.23.1&#8243; _module_preset=&#8221;default&#8221; text_text_color=&#8221;#FFFFFF&#8221; link_text_color=&#8221;#FF8100&#8243; quote_text_align=&#8221;center&#8221; quote_text_color=&#8221;#FFFFFF&#8221; quote_font_size=&#8221;20px&#8221; quote_line_height=&#8221;1.9em&#8221; header_2_text_color=&#8221;#EFBB00&#8243; header_3_text_align=&#8221;center&#8221; header_3_text_color=&#8221;#FFFFFF&#8221; header_3_line_height=&#8221;1.6em&#8221; header_4_text_color=&#8221;#FF8100&#8243; text_orientation=&#8221;center&#8221; global_colors_info=&#8221;{}&#8221;]<\/p>\n<h2 data-ccp-props=\"{&quot;335551550&quot;:2,&quot;335551620&quot;:2,&quot;335559683&quot;:0,&quot;335559685&quot;:0,&quot;335559731&quot;:0,&quot;335559737&quot;:0,&quot;335562764&quot;:2,&quot;335562765&quot;:1,&quot;335562766&quot;:4,&quot;335562767&quot;:0,&quot;335562768&quot;:4,&quot;335562769&quot;:0}\"><span data-scheme-color=\"@FF6000,,\" data-usefontface=\"true\" data-contrast=\"none\">Prop\u00f3sito central UNAB<\/span><span>\u200b<\/span><\/h2>\n<h3>Formamos seres humanos que piensan con libertad, deciden \u00e9ticamente y act\u00faan con autonom\u00eda y liderazgo para alcanzar su m\u00e1ximo potencial. Trabajamos con pasi\u00f3n por la educaci\u00f3n de vanguardia, la investigaci\u00f3n que trasciende y el impulso del arte y la cultura para contribuir a una sociedad m\u00e1s justa y pr\u00f3spera.<\/h3>\n<p>[\/et_pb_text][\/et_pb_column][\/et_pb_row][et_pb_row _builder_version=&#8221;4.23.1&#8243; _module_preset=&#8221;default&#8221; custom_padding=&#8221;1em||||false|false&#8221; global_colors_info=&#8221;{}&#8221;][et_pb_column type=&#8221;4_4&#8243; _builder_version=&#8221;4.23.1&#8243; _module_preset=&#8221;default&#8221; global_colors_info=&#8221;{}&#8221;][et_pb_text _builder_version=&#8221;4.27.5&#8243; _module_preset=&#8221;default&#8221; text_text_color=&#8221;#FFFFFF&#8221; link_text_color=&#8221;#EFBB00&#8243; text_orientation=&#8221;center&#8221; custom_margin=&#8221;0px||0px||true|false&#8221; custom_padding=&#8221;0px||0px||true|false&#8221; hover_enabled=&#8221;0&#8243; global_colors_info=&#8221;{}&#8221; sticky_enabled=&#8221;0&#8243;]<\/p>\n<p><span style=\"font-weight: 400;\">M\u00e1s informaci\u00f3n de nuestra Estrategia Institucional 2025-2032 <\/span><a href=\"https:\/\/unab.edu.co\/NewFolder\/Estrategia%20Institucional%202025-2032%20Resumida.pdf\" target=\"_blank\" rel=\"noopener\">aqu\u00ed<\/a><\/p>\n<p>[\/et_pb_text][\/et_pb_column][\/et_pb_row][\/et_pb_section][et_pb_section fb_built=&#8221;1&#8243; _builder_version=&#8221;4.16&#8243; _module_preset=&#8221;default&#8221; global_colors_info=&#8221;{}&#8221;][et_pb_row column_structure=&#8221;2_3,1_3&#8243; module_id=&#8221;mision&#8221; _builder_version=&#8221;4.23.1&#8243; _module_preset=&#8221;default&#8221; global_colors_info=&#8221;{}&#8221;][et_pb_column type=&#8221;2_3&#8243; _builder_version=&#8221;4.16&#8243; _module_preset=&#8221;default&#8221; global_colors_info=&#8221;{}&#8221;][et_pb_text _builder_version=&#8221;4.23.1&#8243; _module_preset=&#8221;default&#8221; header_font=&#8221;Abel||||||||&#8221; header_text_color=&#8221;#FF8100&#8243; border_width_bottom=&#8221;1px&#8221; border_color_bottom=&#8221;#AA2C9C&#8221; border_style_bottom=&#8221;dashed&#8221; locked=&#8221;off&#8221; global_colors_info=&#8221;{}&#8221;]<\/p>\n<h1>Misi\u00f3n Impulsa UNAB: Centro de Desarrollo Profesional\u200b<\/h1>\n<p>[\/et_pb_text][et_pb_text _builder_version=&#8221;4.23.1&#8243; _module_preset=&#8221;default&#8221; header_text_color=&#8221;#FF8100&#8243; header_2_text_color=&#8221;#FF8100&#8243; global_colors_info=&#8221;{}&#8221;]<\/p>\n<p>Impulsa UNAB es la unidad encargada de brindar a los estudiantes y graduados herramientas que les permitan insertarse eficientemente en el mercado laboral ya sea como empleados o emprendedores, siendo esta una caracter\u00edstica diferenciadora de los graduados UNAB.\u200b<\/p>\n<p>En Impulsa UNAB facilitamos la participaci\u00f3n activa de los graduados en la vida institucional, al tiempo que fortalecemos la relaci\u00f3n de la instituci\u00f3n con los graduados y su relacionamiento con el sector productivo y social.\u200b<\/p>\n<p>La estructura que ha sido dispuesta para cumplir la pol\u00edtica de graduados est\u00e1 centralizada en la oficina de Impulsa UNAB, que coordina junto con las decanaturas de las facultades, las direcciones de programas acad\u00e9micos, el comit\u00e9 institucional de pr\u00e1cticas y el comit\u00e9 operativo de graduados (conformado por los responsables directos del relacionamiento con los graduados de cada programa acad\u00e9mico), las actividades transversales y puntuales para la consecuci\u00f3n de objetivos a corto, mediano y largo plazo.<\/p>\n<p>[\/et_pb_text][\/et_pb_column][et_pb_column type=&#8221;1_3&#8243; _builder_version=&#8221;4.16&#8243; _module_preset=&#8221;default&#8221; global_colors_info=&#8221;{}&#8221;][et_pb_image src=&#8221;https:\/\/unab.edu.co\/impulsa\/wp-content\/uploads\/2021\/08\/img-nosotros.jpg&#8221; title_text=&#8221;img-nosotros&#8221; align=&#8221;center&#8221; _builder_version=&#8221;4.16&#8243; _module_preset=&#8221;default&#8221; border_radii=&#8221;on|7px|7px|7px|7px&#8221; global_colors_info=&#8221;{}&#8221;][\/et_pb_image][\/et_pb_column][\/et_pb_row][\/et_pb_section][et_pb_section fb_built=&#8221;1&#8243; _builder_version=&#8221;4.23.1&#8243; _module_preset=&#8221;default&#8221; background_image=&#8221;https:\/\/unab.edu.co\/impulsa\/wp-content\/uploads\/2023\/12\/img-impulsa-1.jpg&#8221; parallax=&#8221;on&#8221; background_enable_pattern_style=&#8221;on&#8221; background_pattern_color=&#8221;rgba(120,10,129,0.42)&#8221; background_pattern_size=&#8221;custom&#8221; background_pattern_width=&#8221;10px&#8221; global_colors_info=&#8221;{}&#8221;][et_pb_row module_id=&#8221;politica&#8221; _builder_version=&#8221;4.23.1&#8243; _module_preset=&#8221;default&#8221; global_colors_info=&#8221;{}&#8221;][et_pb_column type=&#8221;4_4&#8243; _builder_version=&#8221;4.16&#8243; _module_preset=&#8221;default&#8221; global_colors_info=&#8221;{}&#8221;][et_pb_text quote_border_color=&#8221;RGBA(255,255,255,0)&#8221; _builder_version=&#8221;4.23.1&#8243; _module_preset=&#8221;default&#8221; text_text_color=&#8221;#FFFFFF&#8221; link_text_color=&#8221;#FF8100&#8243; quote_text_align=&#8221;center&#8221; quote_text_color=&#8221;#FFFFFF&#8221; quote_font_size=&#8221;20px&#8221; quote_line_height=&#8221;1.9em&#8221; header_2_text_color=&#8221;#EFBB00&#8243; header_3_text_align=&#8221;center&#8221; header_3_text_color=&#8221;#FFFFFF&#8221; header_3_line_height=&#8221;1.6em&#8221; header_4_text_color=&#8221;#FF8100&#8243; text_orientation=&#8221;center&#8221; global_colors_info=&#8221;{}&#8221;]<\/p>\n<h2>Pol\u00edtica de graduados\u200b<\/h2>\n<p>La Universidad Aut\u00f3noma de Bucaramanga \u2013 UNAB forma profesionales aut\u00f3nomos, cuyos conocimientos, habilidades y actitudes les permiten ser agentes transformadores de la sociedad; con iniciativa, capaces de aprender durante toda la vida incorporando avances de la ciencia y la tecnolog\u00eda; creativos e innovadores. Con su actuar, los graduados son reflejo de los valores institucionales l\u00f3gicos, \u00e9ticos y est\u00e9ticos. Sus cualidades les permiten desempe\u00f1arse en el \u00e1mbito regional, nacional e internacional con un enfoque de responsabilidad social.\u200b<\/p>\n<p>La Universidad se relaciona con sus graduados a trav\u00e9s de:\u200b<\/p>\n<p>&nbsp;<\/p>\n<p>[\/et_pb_text][\/et_pb_column][\/et_pb_row][et_pb_row column_structure=&#8221;1_3,1_3,1_3&#8243; use_custom_gutter=&#8221;on&#8221; gutter_width=&#8221;2&#8243; _builder_version=&#8221;4.23.1&#8243; _module_preset=&#8221;default&#8221; custom_padding=&#8221;0px||1em||false|false&#8221; global_colors_info=&#8221;{}&#8221;][et_pb_column type=&#8221;1_3&#8243; _builder_version=&#8221;4.16&#8243; _module_preset=&#8221;default&#8221; global_colors_info=&#8221;{}&#8221;][et_pb_toggle title=&#8221; Consolidaci\u00f3n de la comunidad de graduados&#8221; open_toggle_text_color=&#8221;#FF8100&#8243; icon_color=&#8221;#780A81&#8243; toggle_icon=&#8221;&#xf6ff;||fa||900&#8243; use_icon_font_size=&#8221;on&#8221; icon_font_size=&#8221;20px&#8221; open_icon_color=&#8221;#780A81&#8243; open_toggle_icon=&#8221;&#xf6ff;||fa||900&#8243; open_use_icon_font_size=&#8221;on&#8221; open_icon_font_size=&#8221;20px&#8221; _builder_version=&#8221;4.23.1&#8243; _module_preset=&#8221;default&#8221; title_text_color=&#8221;#FF8100&#8243; custom_css_toggle_icon=&#8221;||padding:.75em 1em 1em .75em;||border-radius: 10em;||height: 1em;||width: 1em;||top:0;||text-align:center !important;&#8221; border_radii=&#8221;on|5px|5px|5px|5px&#8221; box_shadow_style=&#8221;preset3&#8243; global_colors_info=&#8221;{}&#8221; closed_toggle_background_color__hover_enabled=&#8221;off|desktop&#8221;]<\/p>\n<p data-ccp-props=\"{&quot;335551550&quot;:2,&quot;335551620&quot;:2,&quot;335559683&quot;:0,&quot;335559685&quot;:0,&quot;335559731&quot;:0,&quot;335559737&quot;:0,&quot;335562764&quot;:2,&quot;335562765&quot;:1,&quot;335562766&quot;:4,&quot;335562767&quot;:0,&quot;335562768&quot;:4,&quot;335562769&quot;:0}\"><span data-scheme-color=\"@666666,,\" data-usefontface=\"true\" data-contrast=\"none\">La Universidad trabaja de manera <\/span><span data-scheme-color=\"@666666,,\" data-usefontface=\"true\" data-contrast=\"none\">continua en crear una comunidad s\u00f3lida <\/span><span data-scheme-color=\"@666666,,\" data-usefontface=\"true\" data-contrast=\"none\">de graduados por campos de formaci\u00f3n, <\/span><span data-scheme-color=\"@666666,,\" data-usefontface=\"true\" data-contrast=\"none\">fomentando grupos interdisciplinarios a <\/span><span data-scheme-color=\"@666666,,\" data-usefontface=\"true\" data-contrast=\"none\">trav\u00e9s de los cuales se identifiquen las <\/span><span data-scheme-color=\"@666666,,\" data-usefontface=\"true\" data-contrast=\"none\">necesidades del sector productivo para <\/span><span data-scheme-color=\"@666666,,\" data-usefontface=\"true\" data-contrast=\"none\">construir soluciones integrales, creativas <\/span><span data-scheme-color=\"@666666,,\" data-usefontface=\"true\" data-contrast=\"none\">e innovadoras a la medida.<\/span><span>\u200b<\/span><\/p>\n<p>[\/et_pb_toggle][\/et_pb_column][et_pb_column type=&#8221;1_3&#8243; _builder_version=&#8221;4.16&#8243; _module_preset=&#8221;default&#8221; global_colors_info=&#8221;{}&#8221;][et_pb_toggle title=&#8221;Vinculaci\u00f3n a programas filantr\u00f3picos y sociales &#8221; open_toggle_text_color=&#8221;#FF8100&#8243; icon_color=&#8221;#780A81&#8243; toggle_icon=&#8221;&#xf500;||fa||900&#8243; use_icon_font_size=&#8221;on&#8221; icon_font_size=&#8221;20px&#8221; open_icon_color=&#8221;#780A81&#8243; open_toggle_icon=&#8221;&#xf500;||fa||900&#8243; open_use_icon_font_size=&#8221;on&#8221; open_icon_font_size=&#8221;20px&#8221; _builder_version=&#8221;4.23.1&#8243; _module_preset=&#8221;default&#8221; title_text_color=&#8221;#FF8100&#8243; custom_css_toggle_icon=&#8221;||padding:.75em 1em 1em .75em;||border-radius: 10em;||height: 1em;||width: 1em;||top:0;||text-align:center !important;&#8221; border_radii=&#8221;on|5px|5px|5px|5px&#8221; box_shadow_style=&#8221;preset3&#8243; global_colors_info=&#8221;{}&#8221; closed_toggle_background_color__hover_enabled=&#8221;off|desktop&#8221;]<\/p>\n<p data-ccp-props=\"{&quot;335551550&quot;:2,&quot;335551620&quot;:2,&quot;335559683&quot;:0,&quot;335559685&quot;:0,&quot;335559731&quot;:0,&quot;335559737&quot;:0,&quot;335562764&quot;:2,&quot;335562765&quot;:1,&quot;335562766&quot;:4,&quot;335562767&quot;:0,&quot;335562768&quot;:4,&quot;335562769&quot;:0}\"><span data-scheme-color=\"@666666,,\" data-usefontface=\"true\" data-contrast=\"none\"><\/span>Con el prop\u00f3sito de ayudar a los dem\u00e1s, la universidad incentivar\u00e1 y promover\u00e1 la vinculaci\u00f3n de los graduados con donaciones a las campa\u00f1as filantr\u00f3picas y programas de voluntariado desarrollados por la Universidad, los cuales est\u00e1n alineados con el objetivo misional de la instituci\u00f3n. Estas donaciones podr\u00e1n ser a trav\u00e9s de tiempo, dinero o especie.\u200b<\/p>\n<p>[\/et_pb_toggle][\/et_pb_column][et_pb_column type=&#8221;1_3&#8243; _builder_version=&#8221;4.16&#8243; _module_preset=&#8221;default&#8221; global_colors_info=&#8221;{}&#8221;][et_pb_toggle title=&#8221;Apoyo en la inserci\u00f3n a la vida laboral &#8221; open_toggle_text_color=&#8221;#FF8100&#8243; icon_color=&#8221;#780A81&#8243; toggle_icon=&#8221;&#xf0f2;||fa||900&#8243; use_icon_font_size=&#8221;on&#8221; icon_font_size=&#8221;20px&#8221; open_icon_color=&#8221;#780A81&#8243; open_toggle_icon=&#8221;&#xf0f2;||fa||900&#8243; open_use_icon_font_size=&#8221;on&#8221; open_icon_font_size=&#8221;20px&#8221; _builder_version=&#8221;4.23.1&#8243; _module_preset=&#8221;default&#8221; title_text_color=&#8221;#FF8100&#8243; custom_css_toggle_icon=&#8221;||padding:.75em 1em 1em .75em;||border-radius: 10em;||height: 1em;||width: 1em;||top:0;||text-align:center !important;&#8221; border_radii=&#8221;on|5px|5px|5px|5px&#8221; box_shadow_style=&#8221;preset3&#8243; global_colors_info=&#8221;{}&#8221; closed_toggle_background_color__hover_enabled=&#8221;off|desktop&#8221;]<\/p>\n<p data-ccp-props=\"{&quot;335551550&quot;:2,&quot;335551620&quot;:2,&quot;335559683&quot;:0,&quot;335559685&quot;:0,&quot;335559731&quot;:0,&quot;335559737&quot;:0,&quot;335562764&quot;:2,&quot;335562765&quot;:1,&quot;335562766&quot;:4,&quot;335562767&quot;:0,&quot;335562768&quot;:4,&quot;335562769&quot;:0}\"><span data-scheme-color=\"@666666,,\" data-usefontface=\"true\" data-contrast=\"none\"><\/span>La UNAB apoya la inserci\u00f3n a la vida laboral de los estudiantes que se encuentran en el \u00faltimo tercio de su programa acad\u00e9mico y de los graduados. La vida laboral contempla dos opciones de inserci\u00f3n: emprendimiento y empleabilidad, para las cuales la Instituci\u00f3n contempla acciones de capacitaci\u00f3n y actualizaci\u00f3n permanentes. Adem\u00e1s, propicia el encuentro de la oferta de vacantes laborales en la regi\u00f3n y en el pa\u00eds, con los graduados que cumplen con los perfiles demandados.\u200b<\/p>\n<p>[\/et_pb_toggle][\/et_pb_column][\/et_pb_row][et_pb_row column_structure=&#8221;1_3,1_3,1_3&#8243; use_custom_gutter=&#8221;on&#8221; gutter_width=&#8221;2&#8243; _builder_version=&#8221;4.23.1&#8243; _module_preset=&#8221;default&#8221; custom_padding=&#8221;1em||1em||true|false&#8221; global_colors_info=&#8221;{}&#8221;][et_pb_column type=&#8221;1_3&#8243; _builder_version=&#8221;4.16&#8243; _module_preset=&#8221;default&#8221; global_colors_info=&#8221;{}&#8221;][et_pb_toggle title=&#8221;Comunicaci\u00f3n permanente con los graduados&#8221; open_toggle_text_color=&#8221;#FF8100&#8243; icon_color=&#8221;#780A81&#8243; toggle_icon=&#8221;&#xf7f5;||fa||900&#8243; use_icon_font_size=&#8221;on&#8221; icon_font_size=&#8221;20px&#8221; open_icon_color=&#8221;#780A81&#8243; open_toggle_icon=&#8221;&#xf7f5;||fa||900&#8243; open_use_icon_font_size=&#8221;on&#8221; open_icon_font_size=&#8221;20px&#8221; _builder_version=&#8221;4.23.1&#8243; _module_preset=&#8221;default&#8221; title_text_color=&#8221;#FF8100&#8243; custom_css_toggle_icon=&#8221;||padding:.75em 1em 1em .75em;||border-radius: 10em;||height: 1em;||width: 1em;||top:0;||text-align:center !important;&#8221; border_radii=&#8221;on|5px|5px|5px|5px&#8221; box_shadow_style=&#8221;preset3&#8243; global_colors_info=&#8221;{}&#8221; closed_toggle_background_color__hover_enabled=&#8221;off|desktop&#8221;]<\/p>\n<p data-ccp-props=\"{&quot;335551550&quot;:2,&quot;335551620&quot;:2,&quot;335559683&quot;:0,&quot;335559685&quot;:0,&quot;335559731&quot;:0,&quot;335559737&quot;:0,&quot;335562764&quot;:2,&quot;335562765&quot;:1,&quot;335562766&quot;:4,&quot;335562767&quot;:0,&quot;335562768&quot;:4,&quot;335562769&quot;:0}\"><span data-scheme-color=\"@666666,,\" data-usefontface=\"true\" data-contrast=\"none\"><\/span>Mediante la gesti\u00f3n de la informaci\u00f3n la comunidad de graduados se mantiene informada de las actividades acad\u00e9micas y culturales de la Instituci\u00f3n. Al ser una comunicaci\u00f3n de doble v\u00eda, la Universidad conoce gustos, preferencias y requerimientos de los graduados para el desarrollo de servicios de acuerdo con sus necesidades.\u200b<\/p>\n<p>[\/et_pb_toggle][\/et_pb_column][et_pb_column type=&#8221;1_3&#8243; _builder_version=&#8221;4.16&#8243; _module_preset=&#8221;default&#8221; global_colors_info=&#8221;{}&#8221;][et_pb_toggle title=&#8221;Seguimiento a graduados y medici\u00f3n de su impacto &#8221; open_toggle_text_color=&#8221;#FF8100&#8243; icon_color=&#8221;#780A81&#8243; toggle_icon=&#8221;&#xf06e;||fa||900&#8243; use_icon_font_size=&#8221;on&#8221; icon_font_size=&#8221;20px&#8221; open_icon_color=&#8221;#780A81&#8243; open_toggle_icon=&#8221;&#xf06e;||fa||900&#8243; open_use_icon_font_size=&#8221;on&#8221; open_icon_font_size=&#8221;20px&#8221; _builder_version=&#8221;4.23.1&#8243; _module_preset=&#8221;default&#8221; title_text_color=&#8221;#FF8100&#8243; custom_css_toggle_icon=&#8221;||padding:.75em 1em 1em .75em;||border-radius: 10em;||height: 1em;||width: 1em;||top:0;||text-align:center !important;&#8221; border_radii=&#8221;on|5px|5px|5px|5px&#8221; box_shadow_style=&#8221;preset3&#8243; global_colors_info=&#8221;{}&#8221; closed_toggle_background_color__hover_enabled=&#8221;off|desktop&#8221;]<\/p>\n<p data-ccp-props=\"{&quot;335551550&quot;:2,&quot;335551620&quot;:2,&quot;335559683&quot;:0,&quot;335559685&quot;:0,&quot;335559731&quot;:0,&quot;335559737&quot;:0,&quot;335562764&quot;:2,&quot;335562765&quot;:1,&quot;335562766&quot;:4,&quot;335562767&quot;:0,&quot;335562768&quot;:4,&quot;335562769&quot;:0}\"><span data-scheme-color=\"@666666,,\" data-usefontface=\"true\" data-contrast=\"none\"><\/span>Motivados por el aseguramiento de la calidad educativa, la UNAB incorpora dentro de sus procesos el seguimiento a sus graduados, as\u00ed como a la calidad y pertinencia de la formaci\u00f3n, aplicando una adaptaci\u00f3n de la metodolog\u00eda de seguimiento del Observatorio Laboral para la Educaci\u00f3n, la cual incluye los criterios de calidad establecidos por el Ministerio de Educaci\u00f3n Nacional en procesos de registro calificado, certificaciones y acreditaciones.\u200b<\/p>\n<p>[\/et_pb_toggle][\/et_pb_column][et_pb_column type=&#8221;1_3&#8243; _builder_version=&#8221;4.16&#8243; _module_preset=&#8221;default&#8221; global_colors_info=&#8221;{}&#8221;][et_pb_toggle title=&#8221;Oferta de capacitaci\u00f3n permanente &#8221; open_toggle_text_color=&#8221;#FF8100&#8243; icon_color=&#8221;#780A81&#8243; toggle_icon=&#8221;&#xf135;||fa||900&#8243; use_icon_font_size=&#8221;on&#8221; icon_font_size=&#8221;20px&#8221; open_icon_color=&#8221;#780A81&#8243; open_toggle_icon=&#8221;&#xf135;||fa||900&#8243; open_use_icon_font_size=&#8221;on&#8221; open_icon_font_size=&#8221;20px&#8221; _builder_version=&#8221;4.23.1&#8243; _module_preset=&#8221;default&#8221; title_text_color=&#8221;#FF8100&#8243; custom_css_toggle_icon=&#8221;||padding:.75em 1em 1em .75em;||border-radius: 10em;||height: 1em;||width: 1em;||top:0;||text-align:center !important;&#8221; border_radii=&#8221;on|5px|5px|5px|5px&#8221; box_shadow_style=&#8221;preset3&#8243; global_colors_info=&#8221;{}&#8221; closed_toggle_background_color__hover_enabled=&#8221;off|desktop&#8221;]<\/p>\n<p data-ccp-props=\"{&quot;335551550&quot;:2,&quot;335551620&quot;:2,&quot;335559683&quot;:0,&quot;335559685&quot;:0,&quot;335559731&quot;:0,&quot;335559737&quot;:0,&quot;335562764&quot;:2,&quot;335562765&quot;:1,&quot;335562766&quot;:4,&quot;335562767&quot;:0,&quot;335562768&quot;:4,&quot;335562769&quot;:0}\"><span data-scheme-color=\"@666666,,\" data-usefontface=\"true\" data-contrast=\"none\"><\/span>Es inter\u00e9s de la Instituci\u00f3n que sus graduados contin\u00faen su preparaci\u00f3n en la Universidad desarrollando programas de formaci\u00f3n en los niveles de pregrado, posgrado y de educaci\u00f3n continua. Por esto les ofrece programas acad\u00e9micos de actualidad y alta calidad acordes con sus \u00e1reas de conocimiento.\u200b<\/p>\n<p>[\/et_pb_toggle][\/et_pb_column][\/et_pb_row][et_pb_row column_structure=&#8221;1_3,1_3,1_3&#8243; use_custom_gutter=&#8221;on&#8221; gutter_width=&#8221;2&#8243; _builder_version=&#8221;4.23.1&#8243; _module_preset=&#8221;default&#8221; custom_padding=&#8221;1em||1em||true|false&#8221; global_colors_info=&#8221;{}&#8221;][et_pb_column type=&#8221;1_3&#8243; _builder_version=&#8221;4.16&#8243; _module_preset=&#8221;default&#8221; global_colors_info=&#8221;{}&#8221;][et_pb_toggle title=&#8221;Incorporaci\u00f3n de graduados   a la vida institucional            &#8221; open_toggle_text_color=&#8221;#FF8100&#8243; icon_color=&#8221;#780A81&#8243; toggle_icon=&#8221;&#xf234;||fa||900&#8243; use_icon_font_size=&#8221;on&#8221; icon_font_size=&#8221;20px&#8221; open_icon_color=&#8221;#780A81&#8243; open_toggle_icon=&#8221;&#xf234;||fa||900&#8243; open_use_icon_font_size=&#8221;on&#8221; open_icon_font_size=&#8221;20px&#8221; _builder_version=&#8221;4.23.1&#8243; _module_preset=&#8221;default&#8221; title_text_color=&#8221;#FF8100&#8243; custom_css_toggle_icon=&#8221;||padding:.75em 1em 1em .75em;||border-radius: 10em;||height: 1em;||width: 1em;||top:0;||text-align:center !important;&#8221; border_radii=&#8221;on|5px|5px|5px|5px&#8221; box_shadow_style=&#8221;preset3&#8243; global_colors_info=&#8221;{}&#8221; closed_toggle_background_color__hover_enabled=&#8221;off|desktop&#8221;]<\/p>\n<p data-ccp-props=\"{&quot;335551550&quot;:2,&quot;335551620&quot;:2,&quot;335559683&quot;:0,&quot;335559685&quot;:0,&quot;335559731&quot;:0,&quot;335559737&quot;:0,&quot;335562764&quot;:2,&quot;335562765&quot;:1,&quot;335562766&quot;:4,&quot;335562767&quot;:0,&quot;335562768&quot;:4,&quot;335562769&quot;:0}\"><span data-scheme-color=\"@666666,,\" data-usefontface=\"true\" data-contrast=\"none\"><\/span>El reconocimiento de los graduados en la Instituci\u00f3n y por los integrantes de la comunidad educativa, es un pilar importante. Los graduados participan en los entes de gobierno institucional. Su labor dentro del sector productivo y social les permite aportar experiencias y conocimientos para la actualizaci\u00f3n permanente de los planes de estudio y otros espacios institucionales.\u200b<br \/>\u200b<\/p>\n<p>[\/et_pb_toggle][\/et_pb_column][et_pb_column type=&#8221;1_3&#8243; _builder_version=&#8221;4.16&#8243; _module_preset=&#8221;default&#8221; global_colors_info=&#8221;{}&#8221;][et_pb_toggle title=&#8221;Reconocimientos    a los graduados &#8221; open_toggle_text_color=&#8221;#FF8100&#8243; icon_color=&#8221;#780A81&#8243; toggle_icon=&#8221;&#xf091;||fa||900&#8243; use_icon_font_size=&#8221;on&#8221; icon_font_size=&#8221;20px&#8221; open_icon_color=&#8221;#780A81&#8243; open_toggle_icon=&#8221;&#xf091;||fa||900&#8243; open_use_icon_font_size=&#8221;on&#8221; open_icon_font_size=&#8221;20px&#8221; _builder_version=&#8221;4.23.1&#8243; _module_preset=&#8221;default&#8221; title_text_color=&#8221;#FF8100&#8243; custom_css_toggle_icon=&#8221;||padding:.75em 1em 1em .75em;||border-radius: 10em;||height: 1em;||width: 1em;||top:0;||text-align:center !important;&#8221; border_radii=&#8221;on|5px|5px|5px|5px&#8221; box_shadow_style=&#8221;preset3&#8243; global_colors_info=&#8221;{}&#8221; closed_toggle_background_color__hover_enabled=&#8221;off|desktop&#8221;]<\/p>\n<p data-ccp-props=\"{&quot;335551550&quot;:2,&quot;335551620&quot;:2,&quot;335559683&quot;:0,&quot;335559685&quot;:0,&quot;335559731&quot;:0,&quot;335559737&quot;:0,&quot;335562764&quot;:2,&quot;335562765&quot;:1,&quot;335562766&quot;:4,&quot;335562767&quot;:0,&quot;335562768&quot;:4,&quot;335562769&quot;:0}\"><span data-scheme-color=\"@666666,,\" data-usefontface=\"true\" data-contrast=\"none\"><\/span>Como una forma de exaltar la trayectoria de los graduados UNAB de los programas de pregrado y posgrado, la Universidad reconoce el desempe\u00f1o de sus profesionales en los \u00e1mbitos: acad\u00e9mico e investigativo, social, cultural y art\u00edstico, laboral y empresarial. Estos reconocimientos se otorgar\u00e1n a los graduados a nivel Institucional, de Facultad o de Programa Acad\u00e9mico y ser\u00e1n emitidos por la Rector\u00eda.\u200b<\/p>\n<p>[\/et_pb_toggle][\/et_pb_column][et_pb_column type=&#8221;1_3&#8243; _builder_version=&#8221;4.16&#8243; _module_preset=&#8221;default&#8221; global_colors_info=&#8221;{}&#8221;][et_pb_toggle title=&#8221;Bienestar y servicios para graduados&#8221; open_toggle_text_color=&#8221;#FF8100&#8243; icon_color=&#8221;#780A81&#8243; toggle_icon=&#8221;&#xf29a;||fa||900&#8243; use_icon_font_size=&#8221;on&#8221; icon_font_size=&#8221;20px&#8221; open_icon_color=&#8221;#780A81&#8243; open_toggle_icon=&#8221;&#xf29a;||fa||900&#8243; open_use_icon_font_size=&#8221;on&#8221; open_icon_font_size=&#8221;20px&#8221; _builder_version=&#8221;4.23.1&#8243; _module_preset=&#8221;default&#8221; title_text_color=&#8221;#FF8100&#8243; custom_css_toggle_icon=&#8221;||padding:.75em 1em 1em .75em;||border-radius: 10em;||height: 1em;||width: 1em;||top:0;||text-align:center !important;&#8221; border_radii=&#8221;on|5px|5px|5px|5px&#8221; box_shadow_style=&#8221;preset3&#8243; global_colors_info=&#8221;{}&#8221; closed_toggle_background_color__hover_enabled=&#8221;off|desktop&#8221;]<\/p>\n<p data-ccp-props=\"{&quot;335551550&quot;:2,&quot;335551620&quot;:2,&quot;335559683&quot;:0,&quot;335559685&quot;:0,&quot;335559731&quot;:0,&quot;335559737&quot;:0,&quot;335562764&quot;:2,&quot;335562765&quot;:1,&quot;335562766&quot;:4,&quot;335562767&quot;:0,&quot;335562768&quot;:4,&quot;335562769&quot;:0}\"><span data-scheme-color=\"@666666,,\" data-usefontface=\"true\" data-contrast=\"none\"><\/span>Los graduados cuentan con acceso a los programas y servicios ofrecidos por Bienestar Universitario a la comunidad UNAB y hacen uso de manera gratuita de los espacios deportivos y de esparcimiento disponibles en los campus de la Universidad.\u200b<\/p>\n<p>[\/et_pb_toggle][\/et_pb_column][\/et_pb_row][et_pb_row use_custom_gutter=&#8221;on&#8221; gutter_width=&#8221;2&#8243; _builder_version=&#8221;4.23.1&#8243; _module_preset=&#8221;default&#8221; custom_padding=&#8221;1em||1em||true|false&#8221; global_colors_info=&#8221;{}&#8221;][et_pb_column type=&#8221;4_4&#8243; _builder_version=&#8221;4.16&#8243; _module_preset=&#8221;default&#8221; global_colors_info=&#8221;{}&#8221;][et_pb_text _builder_version=&#8221;4.24.0&#8243; _module_preset=&#8221;default&#8221; text_text_color=&#8221;#FFFFFF&#8221; text_font_size=&#8221;16px&#8221; link_text_color=&#8221;#FFFFFF&#8221; background_color=&#8221;#AA2C9C&#8221; text_orientation=&#8221;center&#8221; max_width=&#8221;500px&#8221; module_alignment=&#8221;center&#8221; custom_padding=&#8221;1em||1em||true|false&#8221; border_radii=&#8221;on|6px|6px|6px|6px&#8221; border_width_all=&#8221;2px&#8221; border_color_all=&#8221;rgba(225,0,237,0.67)&#8221; box_shadow_style=&#8221;preset2&#8243; global_colors_info=&#8221;{}&#8221;]<\/p>\n<p><a href=\"https:\/\/unab.edu.co\/impulsa\/wp-content\/uploads\/2022\/08\/Politica-Graduados.pdf\" target=\"_blank\" rel=\"noopener\">Conocer la pol\u00edtica de graduados<\/a><\/p>\n<p>[\/et_pb_text][\/et_pb_column][\/et_pb_row][\/et_pb_section][et_pb_section fb_built=&#8221;1&#8243; _builder_version=&#8221;4.23.1&#8243; _module_preset=&#8221;default&#8221; background_color=&#8221;#f2f2f2&#8243; background_enable_pattern_style=&#8221;on&#8221; background_pattern_style=&#8221;crosses&#8221; background_pattern_color=&#8221;rgba(0,0,0,0.04)&#8221; background_pattern_size=&#8221;custom&#8221; background_pattern_width=&#8221;15px&#8221; box_shadow_style=&#8221;preset6&#8243; box_shadow_color=&#8221;rgba(0,0,0,0.07)&#8221; global_colors_info=&#8221;{}&#8221;][et_pb_row module_id=&#8221;informesg&#8221; _builder_version=&#8221;4.23.1&#8243; _module_preset=&#8221;default&#8221; global_colors_info=&#8221;{}&#8221;][et_pb_column type=&#8221;4_4&#8243; _builder_version=&#8221;4.16&#8243; _module_preset=&#8221;default&#8221; global_colors_info=&#8221;{}&#8221;][et_pb_text _builder_version=&#8221;4.23.1&#8243; _module_preset=&#8221;default&#8221; header_font=&#8221;Abel||||||||&#8221; header_text_color=&#8221;#FF8100&#8243; border_width_bottom=&#8221;1px&#8221; border_color_bottom=&#8221;#AA2C9C&#8221; border_style_bottom=&#8221;dashed&#8221; locked=&#8221;off&#8221; global_colors_info=&#8221;{}&#8221;]<\/p>\n<h1>Informes de gesti\u00f3n\u200b<\/h1>\n<p>[\/et_pb_text][et_pb_text _builder_version=&#8221;4.23.1&#8243; _module_preset=&#8221;default&#8221; header_text_color=&#8221;#FF8100&#8243; header_2_text_color=&#8221;#FF8100&#8243; global_colors_info=&#8221;{}&#8221;]<\/p>\n<p>Conozca la gesti\u00f3n de Impulsa UNAB a trav\u00e9s de los informes que se relacionan a continuaci\u00f3n:\u200b<\/p>\n<ul class=\"lcp_catlist\" id=\"lcp_instance_0\"><li><a href=\"https:\/\/unab.edu.co\/impulsa\/informe-de-gestion-2024\/\">Informe de Gesti\u00f3n 2024<\/a><\/li><li><a href=\"https:\/\/unab.edu.co\/impulsa\/informe-de-gestion-2023\/\">Informe de Gesti\u00f3n 2023<\/a><\/li><li><a href=\"https:\/\/unab.edu.co\/impulsa\/informe-de-gestion-2022\/\">Informe de Gesti\u00f3n 2022<\/a><\/li><li><a href=\"https:\/\/unab.edu.co\/impulsa\/informe-de-gestion-2021\/\">Informe de Gesti\u00f3n 2021<\/a><\/li><li><a href=\"https:\/\/unab.edu.co\/impulsa\/informe-de-gestion-2020_\/\">Informe de Gestio\u0301n 2020<\/a><\/li><\/ul>\n<p>[\/et_pb_text][\/et_pb_column][\/et_pb_row][\/et_pb_section][et_pb_section fb_built=&#8221;1&#8243; _builder_version=&#8221;4.16&#8243; _module_preset=&#8221;default&#8221; global_colors_info=&#8221;{}&#8221;][et_pb_row module_id=&#8221;equipo&#8221; _builder_version=&#8221;4.23.1&#8243; _module_preset=&#8221;default&#8221; global_colors_info=&#8221;{}&#8221;][et_pb_column type=&#8221;4_4&#8243; _builder_version=&#8221;4.16&#8243; _module_preset=&#8221;default&#8221; global_colors_info=&#8221;{}&#8221;][et_pb_text _builder_version=&#8221;4.16&#8243; _module_preset=&#8221;default&#8221; header_font=&#8221;Abel||||||||&#8221; header_text_color=&#8221;#FF8100&#8243; border_width_bottom=&#8221;1px&#8221; border_color_bottom=&#8221;#AA2C9C&#8221; border_style_bottom=&#8221;dashed&#8221; global_colors_info=&#8221;{}&#8221;]<\/p>\n<h1>Equipo<\/h1>\n<p>[\/et_pb_text][et_pb_code _builder_version=&#8221;4.16&#8243; _module_preset=&#8221;default&#8221; global_colors_info=&#8221;{}&#8221;]<div id=\"awsm-team-419\" class=\"awsm-grid-wrapper\">\n\t\t\t<div class=\"awsm-grid cards-style style-1 grid-3-col \">\n\t\t\t\t\t\t<div id=\"awsm-member-419-422\" class=\"awsm-grid-card\">\n\t\t\t\t   <figure>\n\t\t\t\t\t\t<img loading=\"lazy\" decoding=\"async\" width=\"250\" height=\"250\" src=\"https:\/\/unab.edu.co\/impulsa\/wp-content\/uploads\/2021\/07\/marcela-p.jpg\" class=\"attachment-awsm_team size-awsm_team wp-post-image\" alt=\"\" srcset=\"https:\/\/unab.edu.co\/impulsa\/wp-content\/uploads\/2021\/07\/marcela-p.jpg 250w, https:\/\/unab.edu.co\/impulsa\/wp-content\/uploads\/2021\/07\/marcela-p-150x150.jpg 150w\" sizes=\"(max-width: 250px) 100vw, 250px\" \/>\t\t\t\t\t\t <figcaption class=\"awsm-figcaption\">\n\t\t\t\t\t\t\t<div class=\"awsm-personal-info\"><h3>Marcela Peralta Bautista<\/h3><span>Directora<\/span><\/div>\t\t\t\t\t\t\t<div class=\"awsm-contact-info\">\n\t\t\t\t\t\t\t\t<p>mperalta@unab.edu.co | Ext.632 <\/p><div class=\"awsm-social-icons\"><span><a href=\"https:\/\/www.linkedin.com\/in\/marcela-peralta-4065ba57\/\" target=\"_blank\"><i class=\"awsm-icon-linkedin2\" aria-hidden=\"true\"><\/i><\/a><\/span><\/div>\t\t\t\t\t\t\t<\/div> <!-- .awsm-contact-info -->\n\t\t\t\t\t\t\t\t\t\t\t\t\t <\/figcaption>\n\t\t\t\t\t  <!-- <\/span> -->\n\t\t\t\t   <\/figure>\n\t\t\t\t<\/div>\n\t\t\t\t\t\t\t<div id=\"awsm-member-419-424\" class=\"awsm-grid-card\">\n\t\t\t\t   <figure>\n\t\t\t\t\t\t<img loading=\"lazy\" decoding=\"async\" width=\"250\" height=\"250\" src=\"https:\/\/unab.edu.co\/impulsa\/wp-content\/uploads\/2025\/10\/santiago-e.jpg\" class=\"attachment-awsm_team size-awsm_team wp-post-image\" alt=\"\" srcset=\"https:\/\/unab.edu.co\/impulsa\/wp-content\/uploads\/2025\/10\/santiago-e.jpg 250w, https:\/\/unab.edu.co\/impulsa\/wp-content\/uploads\/2025\/10\/santiago-e-150x150.jpg 150w\" sizes=\"(max-width: 250px) 100vw, 250px\" \/>\t\t\t\t\t\t <figcaption class=\"awsm-figcaption\">\n\t\t\t\t\t\t\t<div class=\"awsm-personal-info\"><h3>Santiago Herazo Rinc\u00f3n<\/h3><span>Coordinador de Relacionamiento<\/span><\/div>\t\t\t\t\t\t\t<div class=\"awsm-contact-info\">\n\t\t\t\t\t\t\t\t<p>coordinacionrelacionamiento@unab.edu.co | Ext.394<\/p>\t\t\t\t\t\t\t<\/div> <!-- .awsm-contact-info -->\n\t\t\t\t\t\t\t\t\t\t\t\t\t <\/figcaption>\n\t\t\t\t\t  <!-- <\/span> -->\n\t\t\t\t   <\/figure>\n\t\t\t\t<\/div>\n\t\t\t\t\t\t\t<div id=\"awsm-member-419-1874\" class=\"awsm-grid-card\">\n\t\t\t\t   <figure>\n\t\t\t\t\t\t<img loading=\"lazy\" decoding=\"async\" width=\"250\" height=\"250\" src=\"https:\/\/unab.edu.co\/impulsa\/wp-content\/uploads\/2025\/10\/natalia-b.jpg\" class=\"attachment-awsm_team size-awsm_team wp-post-image\" alt=\"\" srcset=\"https:\/\/unab.edu.co\/impulsa\/wp-content\/uploads\/2025\/10\/natalia-b.jpg 250w, https:\/\/unab.edu.co\/impulsa\/wp-content\/uploads\/2025\/10\/natalia-b-150x150.jpg 150w\" sizes=\"(max-width: 250px) 100vw, 250px\" \/>\t\t\t\t\t\t <figcaption class=\"awsm-figcaption\">\n\t\t\t\t\t\t\t<div class=\"awsm-personal-info\"><h3>Laura Natalia Botia Almeyda<\/h3><span>Coordinadora de Empleabilidad<\/span><\/div>\t\t\t\t\t\t\t<div class=\"awsm-contact-info\">\n\t\t\t\t\t\t\t\t<p>coordinacionempleabilidad@unab.edu.co | Ext.699<\/p><div class=\"awsm-social-icons\"><span><a href=\"https:\/\/www.linkedin.com\/in\/laura-natalia-botia-almeyda-367309227\" target=\"_blank\"><i class=\"awsm-icon-linkedin2\" aria-hidden=\"true\"><\/i><\/a><\/span><\/div>\t\t\t\t\t\t\t<\/div> <!-- .awsm-contact-info -->\n\t\t\t\t\t\t\t\t\t\t\t\t\t <\/figcaption>\n\t\t\t\t\t  <!-- <\/span> -->\n\t\t\t\t   <\/figure>\n\t\t\t\t<\/div>\n\t\t\t\t\t\t\t<div id=\"awsm-member-419-4313\" class=\"awsm-grid-card\">\n\t\t\t\t   <figure>\n\t\t\t\t\t\t<img loading=\"lazy\" decoding=\"async\" width=\"250\" height=\"250\" src=\"https:\/\/unab.edu.co\/impulsa\/wp-content\/uploads\/2025\/10\/carolina-s.jpg\" class=\"attachment-awsm_team size-awsm_team wp-post-image\" alt=\"\" srcset=\"https:\/\/unab.edu.co\/impulsa\/wp-content\/uploads\/2025\/10\/carolina-s.jpg 250w, https:\/\/unab.edu.co\/impulsa\/wp-content\/uploads\/2025\/10\/carolina-s-150x150.jpg 150w\" sizes=\"(max-width: 250px) 100vw, 250px\" \/>\t\t\t\t\t\t <figcaption class=\"awsm-figcaption\">\n\t\t\t\t\t\t\t<div class=\"awsm-personal-info\"><h3>Lizeth Carolina S\u00e1nchez Dom\u00ednguez<\/h3><span>Coordinadora de desarrollo y relacionamiento con donantes<\/span><\/div>\t\t\t\t\t\t\t<div class=\"awsm-contact-info\">\n\t\t\t\t\t\t\t\t<p>desarrollodonantes@unab.edu.co | Ext. 1906<\/p><div class=\"awsm-social-icons\"><span><a href=\"https:\/\/www.linkedin.com\/in\/carolina-s%C3%A1nchez-1357b7154\/\" target=\"_blank\"><i class=\"awsm-icon-linkedin2\" aria-hidden=\"true\"><\/i><\/a><\/span><\/div>\t\t\t\t\t\t\t<\/div> <!-- .awsm-contact-info -->\n\t\t\t\t\t\t\t\t\t\t\t\t\t <\/figcaption>\n\t\t\t\t\t  <!-- <\/span> -->\n\t\t\t\t   <\/figure>\n\t\t\t\t<\/div>\n\t\t\t\t\t\t\t<div id=\"awsm-member-419-426\" class=\"awsm-grid-card\">\n\t\t\t\t   <figure>\n\t\t\t\t\t\t<img loading=\"lazy\" decoding=\"async\" width=\"250\" height=\"250\" src=\"https:\/\/unab.edu.co\/impulsa\/wp-content\/uploads\/2025\/10\/nathalie-d.jpg\" class=\"attachment-awsm_team size-awsm_team wp-post-image\" alt=\"\" srcset=\"https:\/\/unab.edu.co\/impulsa\/wp-content\/uploads\/2025\/10\/nathalie-d.jpg 250w, https:\/\/unab.edu.co\/impulsa\/wp-content\/uploads\/2025\/10\/nathalie-d-150x150.jpg 150w\" sizes=\"(max-width: 250px) 100vw, 250px\" \/>\t\t\t\t\t\t <figcaption class=\"awsm-figcaption\">\n\t\t\t\t\t\t\t<div class=\"awsm-personal-info\"><h3>Nathalie Juliana Donado Abreo<\/h3><span> L\u00edder de Desarrollo Profesional y Relacionamiento con Graduados <\/span><\/div>\t\t\t\t\t\t\t<div class=\"awsm-contact-info\">\n\t\t\t\t\t\t\t\t<p>Ext.1223<\/p>\t\t\t\t\t\t\t<\/div> <!-- .awsm-contact-info -->\n\t\t\t\t\t\t\t\t\t\t\t\t\t <\/figcaption>\n\t\t\t\t\t  <!-- <\/span> -->\n\t\t\t\t   <\/figure>\n\t\t\t\t<\/div>\n\t\t\t\t\t\t\t<div id=\"awsm-member-419-6115\" class=\"awsm-grid-card\">\n\t\t\t\t   <figure>\n\t\t\t\t\t\t<img loading=\"lazy\" decoding=\"async\" width=\"250\" height=\"250\" src=\"https:\/\/unab.edu.co\/impulsa\/wp-content\/uploads\/2026\/01\/maria-d.jpg\" class=\"attachment-awsm_team size-awsm_team wp-post-image\" alt=\"\" srcset=\"https:\/\/unab.edu.co\/impulsa\/wp-content\/uploads\/2026\/01\/maria-d.jpg 250w, https:\/\/unab.edu.co\/impulsa\/wp-content\/uploads\/2026\/01\/maria-d-150x150.jpg 150w\" sizes=\"(max-width: 250px) 100vw, 250px\" \/>\t\t\t\t\t\t <figcaption class=\"awsm-figcaption\">\n\t\t\t\t\t\t\t<div class=\"awsm-personal-info\"><h3>Mar\u00eda Ang\u00e9lica Dur\u00e1n Vel\u00e1squez<\/h3><span>Asistente de empleabilidad<\/span><\/div>\t\t\t\t\t\t\t<div class=\"awsm-contact-info\">\n\t\t\t\t\t\t\t\t<p>empleabilidad@unab.edu.co | Ext.1255<\/p>\t\t\t\t\t\t\t<\/div> <!-- .awsm-contact-info -->\n\t\t\t\t\t\t\t\t\t\t\t\t\t <\/figcaption>\n\t\t\t\t\t  <!-- <\/span> -->\n\t\t\t\t   <\/figure>\n\t\t\t\t<\/div>\n\t\t\t\t\t\t\t<div id=\"awsm-member-419-2069\" class=\"awsm-grid-card\">\n\t\t\t\t   <figure>\n\t\t\t\t\t\t<img loading=\"lazy\" decoding=\"async\" width=\"480\" height=\"480\" src=\"https:\/\/unab.edu.co\/impulsa\/wp-content\/uploads\/2023\/02\/zharick.jpg\" class=\"attachment-awsm_team size-awsm_team wp-post-image\" alt=\"\" srcset=\"https:\/\/unab.edu.co\/impulsa\/wp-content\/uploads\/2023\/02\/zharick.jpg 480w, https:\/\/unab.edu.co\/impulsa\/wp-content\/uploads\/2023\/02\/zharick-150x150.jpg 150w\" sizes=\"(max-width: 480px) 100vw, 480px\" \/>\t\t\t\t\t\t <figcaption class=\"awsm-figcaption\">\n\t\t\t\t\t\t\t<div class=\"awsm-personal-info\"><h3>Zharick Hern\u00e1ndez Ardila<\/h3><span>Asistente de relacionamiento<\/span><\/div>\t\t\t\t\t\t\t<div class=\"awsm-contact-info\">\n\t\t\t\t\t\t\t\t<p>relacionamiento@unab.edu.co | Ext.1370<\/p>\t\t\t\t\t\t\t<\/div> <!-- .awsm-contact-info -->\n\t\t\t\t\t\t\t\t\t\t\t\t\t <\/figcaption>\n\t\t\t\t\t  <!-- <\/span> -->\n\t\t\t\t   <\/figure>\n\t\t\t\t<\/div>\n\t\t\t\t\t\t\t<div id=\"awsm-member-419-427\" class=\"awsm-grid-card\">\n\t\t\t\t   <figure>\n\t\t\t\t\t\t<img loading=\"lazy\" decoding=\"async\" width=\"300\" height=\"300\" src=\"https:\/\/unab.edu.co\/impulsa\/wp-content\/uploads\/2021\/07\/yalitsa.jpg\" class=\"attachment-awsm_team size-awsm_team wp-post-image\" alt=\"\" srcset=\"https:\/\/unab.edu.co\/impulsa\/wp-content\/uploads\/2021\/07\/yalitsa.jpg 300w, https:\/\/unab.edu.co\/impulsa\/wp-content\/uploads\/2021\/07\/yalitsa-150x150.jpg 150w\" sizes=\"(max-width: 300px) 100vw, 300px\" \/>\t\t\t\t\t\t <figcaption class=\"awsm-figcaption\">\n\t\t\t\t\t\t\t<div class=\"awsm-personal-info\"><h3>Yanitsa Paola Ni\u00f1o Molina<\/h3><span>Auxiliar administrativo<\/span><\/div>\t\t\t\t\t\t\t<div class=\"awsm-contact-info\">\n\t\t\t\t\t\t\t\t<p>auxiliarimpulsa@unab.edu.co | Ext. 1254<\/p>\t\t\t\t\t\t\t<\/div> <!-- .awsm-contact-info -->\n\t\t\t\t\t\t\t\t\t\t\t\t\t <\/figcaption>\n\t\t\t\t\t  <!-- <\/span> -->\n\t\t\t\t   <\/figure>\n\t\t\t\t<\/div>\n\t\t\t\t\t<\/div><!-- .grid -->\n\t\t<\/div>\n[\/et_pb_code][\/et_pb_column][\/et_pb_row][\/et_pb_section]<\/p>\n","protected":false},"excerpt":{"rendered":"<p>[et_pb_section fb_built=&#8221;1&#8243; _builder_version=&#8221;4.23.1&#8243; _module_preset=&#8221;default&#8221; background_color=&#8221;#780A81&#8243; custom_padding=&#8221;0px||0px||true|false&#8221; global_colors_info=&#8221;{}&#8221;][et_pb_row _builder_version=&#8221;4.23.1&#8243; _module_preset=&#8221;default&#8221; custom_padding=&#8221;|||1em|false|false&#8221; border_style_all=&#8221;dotted&#8221; border_width_left=&#8221;2px&#8221; border_color_left=&#8221;#FF8100&#8243; global_colors_info=&#8221;{}&#8221;][et_pb_column type=&#8221;4_4&#8243; _builder_version=&#8221;4.16&#8243; _module_preset=&#8221;default&#8221; global_colors_info=&#8221;{}&#8221;][et_pb_post_title meta=&#8221;off&#8221; featured_image=&#8221;off&#8221; _builder_version=&#8221;4.23.1&#8243; _module_preset=&#8221;default&#8221; title_font=&#8221;Abel||||||||&#8221; title_text_color=&#8221;#FFFFFF&#8221; title_font_size=&#8221;37px&#8221; global_colors_info=&#8221;{}&#8221;][\/et_pb_post_title][\/et_pb_column][\/et_pb_row][\/et_pb_section][et_pb_section fb_built=&#8221;1&#8243; module_id=&#8221;proposito&#8221; _builder_version=&#8221;4.23.1&#8243; _module_preset=&#8221;default&#8221; [&hellip;]<\/p>\n","protected":false},"author":1,"featured_media":0,"parent":0,"menu_order":0,"comment_status":"closed","ping_status":"closed","template":"","meta":{"_acf_changed":false,"_et_pb_use_builder":"on","_et_pb_old_content":"","_et_gb_content_width":"","pgc_sgb_lightbox_settings":"","footnotes":""},"class_list":["post-365","page","type-page","status-publish","hentry"],"acf":[],"_links":{"self":[{"href":"https:\/\/unab.edu.co\/impulsa\/wp-json\/wp\/v2\/pages\/365","targetHints":{"allow":["GET"]}}],"collection":[{"href":"https:\/\/unab.edu.co\/impulsa\/wp-json\/wp\/v2\/pages"}],"about":[{"href":"https:\/\/unab.edu.co\/impulsa\/wp-json\/wp\/v2\/types\/page"}],"author":[{"embeddable":true,"href":"https:\/\/unab.edu.co\/impulsa\/wp-json\/wp\/v2\/users\/1"}],"replies":[{"embeddable":true,"href":"https:\/\/unab.edu.co\/impulsa\/wp-json\/wp\/v2\/comments?post=365"}],"version-history":[{"count":34,"href":"https:\/\/unab.edu.co\/impulsa\/wp-json\/wp\/v2\/pages\/365\/revisions"}],"predecessor-version":[{"id":6114,"href":"https:\/\/unab.edu.co\/impulsa\/wp-json\/wp\/v2\/pages\/365\/revisions\/6114"}],"wp:attachment":[{"href":"https:\/\/unab.edu.co\/impulsa\/wp-json\/wp\/v2\/media?parent=365"}],"curies":[{"name":"wp","href":"https:\/\/api.w.org\/{rel}","templated":true}]}}